{"id":303,"date":"2015-06-15T22:32:07","date_gmt":"2015-06-15T20:32:07","guid":{"rendered":"http:\/\/kla.mak-seminar.de\/?page_id=303"},"modified":"2023-11-07T19:20:34","modified_gmt":"2023-11-07T17:20:34","slug":"chorfahrt-2015","status":"publish","type":"page","link":"http:\/\/klangart-siegburg.de\/?page_id=303","title":{"rendered":"So proben und singen wir zusammen (gefeiert wird auch noch)"},"content":{"rendered":"<p><img loading=\"lazy\" decoding=\"async\" class=\"alignnone size-medium wp-image-580\" src=\"http:\/\/klangart-siegburg.de\/wp-content\/uploads\/2019\/11\/IMG-20180607-WA0013-300x168.jpg\" alt=\"\" width=\"300\" height=\"168\" srcset=\"http:\/\/klangart-siegburg.de\/wp-content\/uploads\/2019\/11\/IMG-20180607-WA0013-300x168.jpg 300w, http:\/\/klangart-siegburg.de\/wp-content\/uploads\/2019\/11\/IMG-20180607-WA0013-768x431.jpg 768w, http:\/\/klangart-siegburg.de\/wp-content\/uploads\/2019\/11\/IMG-20180607-WA0013-1024x575.jpg 1024w, http:\/\/klangart-siegburg.de\/wp-content\/uploads\/2019\/11\/IMG-20180607-WA0013-624x350.jpg 624w, http:\/\/klangart-siegburg.de\/wp-content\/uploads\/2019\/11\/IMG-20180607-WA0013.jpg 1600w\" sizes=\"auto, (max-width: 300px) 100vw, 300px\" \/>&nbsp; &nbsp;<a href=\"http:\/\/klangart-siegburg.de\/wp-content\/uploads\/2019\/11\/IMG-20180930-WA0007-e1574960477488.jpg\"><img loading=\"lazy\" decoding=\"async\" class=\"alignnone wp-image-583 size-medium\" src=\"http:\/\/klangart-siegburg.de\/wp-content\/uploads\/2019\/11\/IMG-20180930-WA0007-e1574960477488-300x136.jpg\" alt=\"\" width=\"300\" height=\"136\" srcset=\"http:\/\/klangart-siegburg.de\/wp-content\/uploads\/2019\/11\/IMG-20180930-WA0007-e1574960477488-300x136.jpg 300w, http:\/\/klangart-siegburg.de\/wp-content\/uploads\/2019\/11\/IMG-20180930-WA0007-e1574960477488-768x348.jpg 768w, http:\/\/klangart-siegburg.de\/wp-content\/uploads\/2019\/11\/IMG-20180930-WA0007-e1574960477488-1024x463.jpg 1024w, http:\/\/klangart-siegburg.de\/wp-content\/uploads\/2019\/11\/IMG-20180930-WA0007-e1574960477488-624x282.jpg 624w, http:\/\/klangart-siegburg.de\/wp-content\/uploads\/2019\/11\/IMG-20180930-WA0007-e1574960477488.jpg 1600w\" sizes=\"auto, (max-width: 300px) 100vw, 300px\" \/><\/a>&nbsp; &nbsp;<a href=\"http:\/\/klangart-siegburg.de\/wp-content\/uploads\/2019\/11\/IMG-20180624-WA0002-e1574960241927.jpg\"><img loading=\"lazy\" decoding=\"async\" class=\"alignnone  wp-image-585\" src=\"http:\/\/klangart-siegburg.de\/wp-content\/uploads\/2019\/11\/IMG-20180624-WA0002-e1574960241927-300x152.jpg\" alt=\"\" width=\"300\" height=\"152\"><\/a>&nbsp; &nbsp;<a href=\"http:\/\/klangart-siegburg.de\/wp-content\/uploads\/2019\/11\/IMG-20180623-WA0001.jpg\"><img loading=\"lazy\" decoding=\"async\" class=\"alignnone  wp-image-586\" src=\"http:\/\/klangart-siegburg.de\/wp-content\/uploads\/2019\/11\/IMG-20180623-WA0001-300x225.jpg\" alt=\"\" width=\"299\" height=\"224\" srcset=\"http:\/\/klangart-siegburg.de\/wp-content\/uploads\/2019\/11\/IMG-20180623-WA0001-300x225.jpg 300w, http:\/\/klangart-siegburg.de\/wp-content\/uploads\/2019\/11\/IMG-20180623-WA0001-768x576.jpg 768w, http:\/\/klangart-siegburg.de\/wp-content\/uploads\/2019\/11\/IMG-20180623-WA0001-1024x768.jpg 1024w, http:\/\/klangart-siegburg.de\/wp-content\/uploads\/2019\/11\/IMG-20180623-WA0001-624x468.jpg 624w, http:\/\/klangart-siegburg.de\/wp-content\/uploads\/2019\/11\/IMG-20180623-WA0001.jpg 1600w\" sizes=\"auto, (max-width: 299px) 100vw, 299px\" \/><\/a>&nbsp; &nbsp;<a href=\"http:\/\/klangart-siegburg.de\/wp-content\/uploads\/2019\/11\/KlangArt-Chorbild.jpg\"><img loading=\"lazy\" decoding=\"async\" class=\"alignnone  wp-image-593\" src=\"http:\/\/klangart-siegburg.de\/wp-content\/uploads\/2019\/11\/KlangArt-Chorbild-231x300.jpg\" alt=\"\" width=\"175\" height=\"228\" srcset=\"http:\/\/klangart-siegburg.de\/wp-content\/uploads\/2019\/11\/KlangArt-Chorbild-231x300.jpg 231w, http:\/\/klangart-siegburg.de\/wp-content\/uploads\/2019\/11\/KlangArt-Chorbild-768x995.jpg 768w, http:\/\/klangart-siegburg.de\/wp-content\/uploads\/2019\/11\/KlangArt-Chorbild-790x1024.jpg 790w, http:\/\/klangart-siegburg.de\/wp-content\/uploads\/2019\/11\/KlangArt-Chorbild-624x809.jpg 624w\" sizes=\"auto, (max-width: 175px) 100vw, 175px\" \/><\/a>&nbsp; &nbsp;<a href=\"http:\/\/klangart-siegburg.de\/wp-content\/uploads\/2019\/11\/IMG-20190519-WA0016.jpg\"><img loading=\"lazy\" decoding=\"async\" class=\"alignnone size-medium wp-image-584\" src=\"http:\/\/klangart-siegburg.de\/wp-content\/uploads\/2019\/11\/IMG-20190519-WA0016-300x146.jpg\" alt=\"\" width=\"300\" height=\"146\" srcset=\"http:\/\/klangart-siegburg.de\/wp-content\/uploads\/2019\/11\/IMG-20190519-WA0016-300x146.jpg 300w, http:\/\/klangart-siegburg.de\/wp-content\/uploads\/2019\/11\/IMG-20190519-WA0016-768x373.jpg 768w, http:\/\/klangart-siegburg.de\/wp-content\/uploads\/2019\/11\/IMG-20190519-WA0016-1024x497.jpg 1024w, http:\/\/klangart-siegburg.de\/wp-content\/uploads\/2019\/11\/IMG-20190519-WA0016-624x303.jpg 624w, http:\/\/klangart-siegburg.de\/wp-content\/uploads\/2019\/11\/IMG-20190519-WA0016.jpg 1600w\" sizes=\"auto, (max-width: 300px) 100vw, 300px\" \/><\/a><\/p>\n<p><strong><span style=\"color: #800000;\"><em>Ruslan Aliyev in seinem Element\u2026<\/em><\/span><\/strong><\/p>\n<p>..<span style=\"color: #000000;\">.und <em>w\u00e4hrend unserer Chorfahrt 2015.<\/em><\/span><br \/>\n<span style=\"color: #000000;\"><em> Wir singen \u00fcberall, wo es sch\u00f6n ist \u2013 auch mitten in der Natur.<\/em><\/span><\/p>\n\n\t\t<style type=\"text\/css\">\n\t\t\t#gallery-1 {\n\t\t\t\tmargin: auto;\n\t\t\t}\n\t\t\t#gallery-1 .gallery-item {\n\t\t\t\tfloat: left;\n\t\t\t\tmargin-top: 10px;\n\t\t\t\ttext-align: center;\n\t\t\t\twidth: 33%;\n\t\t\t}\n\t\t\t#gallery-1 img {\n\t\t\t\tborder: 2px solid #cfcfcf;\n\t\t\t}\n\t\t\t#gallery-1 .gallery-caption {\n\t\t\t\tmargin-left: 0;\n\t\t\t}\n\t\t\t\/* see gallery_shortcode() in wp-includes\/media.php *\/\n\t\t<\/style>\n\t\t<div id='gallery-1' class='gallery galleryid-303 gallery-columns-3 gallery-size-thumbnail'><dl class='gallery-item'>\n\t\t\t<dt class='gallery-icon landscape'>\n\t\t\t\t<a href='http:\/\/klangart-siegburg.de\/?attachment_id=371'><img loading=\"lazy\" decoding=\"async\" width=\"150\" height=\"150\" src=\"http:\/\/klangart-siegburg.de\/wp-content\/uploads\/2015\/06\/Ten\u00f6re_Probe_1_WF-150x150.jpg\" class=\"attachment-thumbnail size-thumbnail\" alt=\"\" \/><\/a>\n\t\t\t<\/dt><\/dl><dl class='gallery-item'>\n\t\t\t<dt class='gallery-icon landscape'>\n\t\t\t\t<a href='http:\/\/klangart-siegburg.de\/?attachment_id=370'><img loading=\"lazy\" decoding=\"async\" width=\"150\" height=\"150\" src=\"http:\/\/klangart-siegburg.de\/wp-content\/uploads\/2015\/06\/Ruslan_Alti_3_WF-150x150.jpg\" class=\"attachment-thumbnail size-thumbnail\" alt=\"\" \/><\/a>\n\t\t\t<\/dt><\/dl><dl class='gallery-item'>\n\t\t\t<dt class='gallery-icon landscape'>\n\t\t\t\t<a href='http:\/\/klangart-siegburg.de\/?attachment_id=369'><img loading=\"lazy\" decoding=\"async\" width=\"150\" height=\"150\" src=\"http:\/\/klangart-siegburg.de\/wp-content\/uploads\/2015\/06\/Ruslan_Aliyev_8_WF-150x150.jpg\" class=\"attachment-thumbnail size-thumbnail\" alt=\"\" \/><\/a>\n\t\t\t<\/dt><\/dl><br style=\"clear: both\" \/><dl class='gallery-item'>\n\t\t\t<dt class='gallery-icon landscape'>\n\t\t\t\t<a href='http:\/\/klangart-siegburg.de\/?attachment_id=368'><img loading=\"lazy\" decoding=\"async\" width=\"150\" height=\"150\" src=\"http:\/\/klangart-siegburg.de\/wp-content\/uploads\/2015\/06\/Ruslan_Aliyev_6_WF-150x150.jpg\" class=\"attachment-thumbnail size-thumbnail\" alt=\"\" \/><\/a>\n\t\t\t<\/dt><\/dl><dl class='gallery-item'>\n\t\t\t<dt class='gallery-icon portrait'>\n\t\t\t\t<a href='http:\/\/klangart-siegburg.de\/?attachment_id=367'><img loading=\"lazy\" decoding=\"async\" width=\"150\" height=\"150\" src=\"http:\/\/klangart-siegburg.de\/wp-content\/uploads\/2015\/06\/Rusla_Aliyev_7_WF-150x150.jpg\" class=\"attachment-thumbnail size-thumbnail\" alt=\"\" \/><\/a>\n\t\t\t<\/dt><\/dl><dl class='gallery-item'>\n\t\t\t<dt class='gallery-icon landscape'>\n\t\t\t\t<a href='http:\/\/klangart-siegburg.de\/?attachment_id=366'><img loading=\"lazy\" decoding=\"async\" width=\"150\" height=\"150\" src=\"http:\/\/klangart-siegburg.de\/wp-content\/uploads\/2015\/06\/Pause_Sopran_WF-150x150.jpg\" class=\"attachment-thumbnail size-thumbnail\" alt=\"\" \/><\/a>\n\t\t\t<\/dt><\/dl><br style=\"clear: both\" \/><dl class='gallery-item'>\n\t\t\t<dt class='gallery-icon landscape'>\n\t\t\t\t<a href='http:\/\/klangart-siegburg.de\/?attachment_id=365'><img loading=\"lazy\" decoding=\"async\" width=\"150\" height=\"150\" src=\"http:\/\/klangart-siegburg.de\/wp-content\/uploads\/2015\/06\/Pause_Alti_WF-150x150.jpg\" class=\"attachment-thumbnail size-thumbnail\" alt=\"\" \/><\/a>\n\t\t\t<\/dt><\/dl><dl class='gallery-item'>\n\t\t\t<dt class='gallery-icon portrait'>\n\t\t\t\t<a href='http:\/\/klangart-siegburg.de\/?attachment_id=374'><img loading=\"lazy\" decoding=\"async\" width=\"150\" height=\"150\" src=\"http:\/\/klangart-siegburg.de\/wp-content\/uploads\/2015\/06\/Matthias_Eder_Cello_3_WF-150x150.jpg\" class=\"attachment-thumbnail size-thumbnail\" alt=\"\" \/><\/a>\n\t\t\t<\/dt><\/dl><dl class='gallery-item'>\n\t\t\t<dt class='gallery-icon portrait'>\n\t\t\t\t<a href='http:\/\/klangart-siegburg.de\/?attachment_id=364'><img loading=\"lazy\" decoding=\"async\" width=\"150\" height=\"150\" src=\"http:\/\/klangart-siegburg.de\/wp-content\/uploads\/2015\/06\/Matthias_Eder_Cello_WF-150x150.jpg\" class=\"attachment-thumbnail size-thumbnail\" alt=\"\" \/><\/a>\n\t\t\t<\/dt><\/dl><br style=\"clear: both\" \/><dl class='gallery-item'>\n\t\t\t<dt class='gallery-icon portrait'>\n\t\t\t\t<a href='http:\/\/klangart-siegburg.de\/?attachment_id=363'><img loading=\"lazy\" decoding=\"async\" width=\"150\" height=\"150\" src=\"http:\/\/klangart-siegburg.de\/wp-content\/uploads\/2015\/06\/Matthias_Eder_Cello_2-150x150.jpg\" class=\"attachment-thumbnail size-thumbnail\" alt=\"\" \/><\/a>\n\t\t\t<\/dt><\/dl><dl class='gallery-item'>\n\t\t\t<dt class='gallery-icon landscape'>\n\t\t\t\t<a href='http:\/\/klangart-siegburg.de\/?attachment_id=362'><img loading=\"lazy\" decoding=\"async\" width=\"150\" height=\"150\" src=\"http:\/\/klangart-siegburg.de\/wp-content\/uploads\/2015\/06\/Gruppe_3_WF-150x150.jpg\" class=\"attachment-thumbnail size-thumbnail\" alt=\"\" \/><\/a>\n\t\t\t<\/dt><\/dl><dl class='gallery-item'>\n\t\t\t<dt class='gallery-icon landscape'>\n\t\t\t\t<a href='http:\/\/klangart-siegburg.de\/?attachment_id=361'><img loading=\"lazy\" decoding=\"async\" width=\"150\" height=\"150\" src=\"http:\/\/klangart-siegburg.de\/wp-content\/uploads\/2015\/06\/Gruppe_2_WF-150x150.jpg\" class=\"attachment-thumbnail size-thumbnail\" alt=\"\" \/><\/a>\n\t\t\t<\/dt><\/dl><br style=\"clear: both\" \/><dl class='gallery-item'>\n\t\t\t<dt class='gallery-icon landscape'>\n\t\t\t\t<a href='http:\/\/klangart-siegburg.de\/?attachment_id=359'><img loading=\"lazy\" decoding=\"async\" width=\"150\" height=\"150\" src=\"http:\/\/klangart-siegburg.de\/wp-content\/uploads\/2015\/06\/Einsingen_Alti.Webformat-150x150.jpg\" class=\"attachment-thumbnail size-thumbnail\" alt=\"\" \/><\/a>\n\t\t\t<\/dt><\/dl><dl class='gallery-item'>\n\t\t\t<dt class='gallery-icon portrait'>\n\t\t\t\t<a href='http:\/\/klangart-siegburg.de\/?attachment_id=358'><img loading=\"lazy\" decoding=\"async\" width=\"150\" height=\"150\" src=\"http:\/\/klangart-siegburg.de\/wp-content\/uploads\/2015\/06\/Aliyev_Weisheit_Cajon1_WebFormat-150x150.jpg\" class=\"attachment-thumbnail size-thumbnail\" alt=\"\" \/><\/a>\n\t\t\t<\/dt><\/dl><dl class='gallery-item'>\n\t\t\t<dt class='gallery-icon portrait'>\n\t\t\t\t<a href='http:\/\/klangart-siegburg.de\/?attachment_id=302'><img loading=\"lazy\" decoding=\"async\" width=\"150\" height=\"150\" src=\"http:\/\/klangart-siegburg.de\/wp-content\/uploads\/2015\/06\/Ruslan_Aliyev_4_Webformat-150x150.jpg\" class=\"attachment-thumbnail size-thumbnail\" alt=\"\" \/><\/a>\n\t\t\t<\/dt><\/dl><br style=\"clear: both\" \/><dl class='gallery-item'>\n\t\t\t<dt class='gallery-icon portrait'>\n\t\t\t\t<a href='http:\/\/klangart-siegburg.de\/?attachment_id=301'><img loading=\"lazy\" decoding=\"async\" width=\"150\" height=\"150\" src=\"http:\/\/klangart-siegburg.de\/wp-content\/uploads\/2015\/06\/Ruslan_Aliyev_3_Webformat-150x150.jpg\" class=\"attachment-thumbnail size-thumbnail\" alt=\"\" \/><\/a>\n\t\t\t<\/dt><\/dl><dl class='gallery-item'>\n\t\t\t<dt class='gallery-icon portrait'>\n\t\t\t\t<a href='http:\/\/klangart-siegburg.de\/?attachment_id=300'><img loading=\"lazy\" decoding=\"async\" width=\"150\" height=\"150\" src=\"http:\/\/klangart-siegburg.de\/wp-content\/uploads\/2015\/06\/Ruslan_Aliyev_2_Webformat-150x150.jpg\" class=\"attachment-thumbnail size-thumbnail\" alt=\"\" \/><\/a>\n\t\t\t<\/dt><\/dl><dl class='gallery-item'>\n\t\t\t<dt class='gallery-icon landscape'>\n\t\t\t\t<a href='http:\/\/klangart-siegburg.de\/?attachment_id=299'><img loading=\"lazy\" decoding=\"async\" width=\"150\" height=\"150\" src=\"http:\/\/klangart-siegburg.de\/wp-content\/uploads\/2015\/06\/Rulsan_Aliyev_1_Webformat-150x150.jpg\" class=\"attachment-thumbnail size-thumbnail\" alt=\"\" \/><\/a>\n\t\t\t<\/dt><\/dl><br style=\"clear: both\" \/>\n\t\t<\/div>\n\n\n\n\n\n<figure class=\"wp-block-gallery has-nested-images columns-default is-cropped wp-block-gallery-1 is-layout-flex wp-block-gallery-is-layout-flex\"><\/figure>\n","protected":false},"excerpt":{"rendered":"<p>&nbsp; &nbsp;&nbsp; &nbsp;&nbsp; &nbsp;&nbsp; &nbsp;&nbsp; &nbsp; Ruslan Aliyev in seinem Element\u2026 &#8230;und w\u00e4hrend unserer Chorfahrt 2015. Wir singen \u00fcberall, wo es sch\u00f6n ist \u2013 auch mitten in der Natur.<\/p>\n","protected":false},"author":2,"featured_media":0,"parent":145,"menu_order":0,"comment_status":"closed","ping_status":"closed","template":"","meta":{"footnotes":""},"class_list":["post-303","page","type-page","status-publish","hentry"],"_links":{"self":[{"href":"http:\/\/klangart-siegburg.de\/index.php?rest_route=\/wp\/v2\/pages\/303","targetHints":{"allow":["GET"]}}],"collection":[{"href":"http:\/\/klangart-siegburg.de\/index.php?rest_route=\/wp\/v2\/pages"}],"about":[{"href":"http:\/\/klangart-siegburg.de\/index.php?rest_route=\/wp\/v2\/types\/page"}],"author":[{"embeddable":true,"href":"http:\/\/klangart-siegburg.de\/index.php?rest_route=\/wp\/v2\/users\/2"}],"replies":[{"embeddable":true,"href":"http:\/\/klangart-siegburg.de\/index.php?rest_route=%2Fwp%2Fv2%2Fcomments&post=303"}],"version-history":[{"count":25,"href":"http:\/\/klangart-siegburg.de\/index.php?rest_route=\/wp\/v2\/pages\/303\/revisions"}],"predecessor-version":[{"id":697,"href":"http:\/\/klangart-siegburg.de\/index.php?rest_route=\/wp\/v2\/pages\/303\/revisions\/697"}],"up":[{"embeddable":true,"href":"http:\/\/klangart-siegburg.de\/index.php?rest_route=\/wp\/v2\/pages\/145"}],"wp:attachment":[{"href":"http:\/\/klangart-siegburg.de\/index.php?rest_route=%2Fwp%2Fv2%2Fmedia&parent=303"}],"curies":[{"name":"wp","href":"https:\/\/api.w.org\/{rel}","templated":true}]}}